{"id":91,"date":"2024-05-28T21:24:21","date_gmt":"2024-05-28T21:24:21","guid":{"rendered":"https:\/\/www.zahnaerztekammernordrhein.de\/yda\/?page_id=91"},"modified":"2026-01-12T13:16:26","modified_gmt":"2026-01-12T13:16:26","slug":"fragen-antworten-young-dental-academy-fortbildungsprogramm","status":"publish","type":"page","link":"https:\/\/www.zahnaerztekammernordrhein.de\/yda\/fragen-antworten-young-dental-academy-fortbildungsprogramm\/","title":{"rendered":"FAQ"},"content":{"rendered":"\n<style type=\"text\/css\" data-created_by=\"avia_inline_auto\" id=\"style-css-av-lwqwi5rf-258634e37b7634bab418ae790d2c777c\">\n.avia-section.av-lwqwi5rf-258634e37b7634bab418ae790d2c777c{\nbackground-color:#30424c;\nbackground-image:unset;\n}\n<\/style>\n<div id='av_section_1'  class='avia-section av-lwqwi5rf-258634e37b7634bab418ae790d2c777c main_color avia-section-default avia-no-border-styling  avia-builder-el-0  el_before_av_one_full  avia-builder-el-first  avia-bg-style-scroll av-minimum-height av-minimum-height-custom av-height-custom  container_wrap fullsize'   data-av_minimum_height_px='150'><div class='container av-section-cont-open' style='height:150px'><main  role=\"main\" itemprop=\"mainContentOfPage\"  class='template-page content  av-content-full alpha units'><div class='post-entry post-entry-type-page post-entry-91'><div class='entry-content-wrapper clearfix'>\n\n<style type=\"text\/css\" data-created_by=\"avia_inline_auto\" id=\"style-css-av-lwqwiuxr-702a3886263ab27fa19f45f93b0ad5ad\">\n#top .av-special-heading.av-lwqwiuxr-702a3886263ab27fa19f45f93b0ad5ad{\npadding-bottom:10px;\ncolor:#ffffff;\n}\nbody .av-special-heading.av-lwqwiuxr-702a3886263ab27fa19f45f93b0ad5ad .av-special-heading-tag .heading-char{\nfont-size:25px;\n}\n.av-special-heading.av-lwqwiuxr-702a3886263ab27fa19f45f93b0ad5ad .special-heading-inner-border{\nborder-color:#ffffff;\n}\n.av-special-heading.av-lwqwiuxr-702a3886263ab27fa19f45f93b0ad5ad .av-subheading{\nfont-size:15px;\n}\nbody .av-special-heading.av-lwqwiuxr-702a3886263ab27fa19f45f93b0ad5ad .av-special-heading-tag .heading-wrap:before{\nborder-color:#ffffff;\n}\nbody .av-special-heading.av-lwqwiuxr-702a3886263ab27fa19f45f93b0ad5ad .av-special-heading-tag .heading-wrap:after{\nborder-color:#ffffff;\n}\n<\/style>\n<div  class='av-special-heading av-lwqwiuxr-702a3886263ab27fa19f45f93b0ad5ad av-special-heading-h1 custom-color-heading blockquote modern-quote  avia-builder-el-1  avia-builder-el-no-sibling '><h1 class='av-special-heading-tag '  itemprop=\"headline\"  >FAQ<\/h1><div class=\"special-heading-border\"><div class=\"special-heading-inner-border\"><\/div><\/div><\/div>\n<\/div><\/div><\/main><!-- close content main element --><\/div><\/div><div id='after_section_1'  class='main_color av_default_container_wrap container_wrap fullsize'  ><div class='container av-section-cont-open' ><div class='template-page content  av-content-full alpha units'><div class='post-entry post-entry-type-page post-entry-91'><div class='entry-content-wrapper clearfix'>\n<div  class='flex_column av-14zor-cdbb10c92f1b7021e99a716725f68e0a av_one_full  avia-builder-el-2  el_after_av_section  avia-builder-el-no-sibling  first flex_column_div  '     ><div  class='togglecontainer av-lwqwzwaw-94d2c21a721111027f54f3c27980dc3d av-elegant-toggle  avia-builder-el-3  avia-builder-el-no-sibling  toggle_close_all'  itemscope=\"itemscope\" itemtype=\"https:\/\/schema.org\/FAQPage\" >\n<section class='av_toggle_section av-lwqwyxep-6943f8deb91b4df6874079c0c8baf6b9'  itemscope=\"itemscope\" itemprop=\"mainEntity\" itemtype=\"https:\/\/schema.org\/Question\" ><div role=\"tablist\" class=\"single_toggle\" data-tags=\"{Alle} \"  ><p id='toggle-toggle-id-1' data-fake-id='#toggle-id-1' class='toggler  activeTitle av-title-above '  itemprop=\"name\"  role='tab' tabindex='0' aria-controls='toggle-id-1' data-slide-speed=\"200\" data-title=\"Wer kann sich f\u00fcr die Young Dental Academy anmelden?\" data-title-open=\"\" data-aria_collapsed=\"Click to expand: Wer kann sich f\u00fcr die Young Dental Academy anmelden?\" data-aria_expanded=\"Click to collapse: Wer kann sich f\u00fcr die Young Dental Academy anmelden?\">Wer kann sich f\u00fcr die Young Dental Academy anmelden?<span class=\"toggle_icon\"><span class=\"vert_icon\"><\/span><span class=\"hor_icon\"><\/span><\/span><\/p><div id='toggle-id-1' aria-labelledby='toggle-toggle-id-1' role='region' class='toggle_wrap  active_tc av-title-above' style='display:block;'  itemscope=\"itemscope\" itemprop=\"acceptedAnswer\" itemtype=\"https:\/\/schema.org\/Answer\" ><div class='toggle_content invers-color '  itemprop=\"text\" ><p>Teilnahmeberechtigt sind angestellte Zahn\u00e4rztinnen und Zahn\u00e4rzte im Sinne des \u00a7 32b Abs. 1 Satz 1 Zahn\u00e4rzte-ZV sowie zahn\u00e4rztliche Vorbereitungsassistentinnen und Vorbereitungsassistenten, die sich in der Vorbereitungszeit befinden oder diese in K\u00fcrze beginnen. Du musst im Besitz einer g\u00fcltigen Approbation gem\u00e4\u00df \u00a7 1 Abs. 1 ZHG sein. Die Teilnahme an dem Programm ersetzt nicht die nach \u00a7 3 Abs. 2b Zahn\u00e4rzte-ZV erforderliche Ableistung der zweij\u00e4hrigen Vorbereitungszeit. Ebenso kann die Teilnahme an dem Programm auch nicht zeitweise auf die Vorbereitungszeit angerechnet werden.<\/p>\n<p><strong>Hinweis<\/strong><\/p>\n<p>F\u00fcr die Teilnahme an der Young Dental Academy wird ein Portalzugang der Zahn\u00e4rztekammer Nordrhein ben\u00f6tigt. Sollte noch kein Zugang vorhanden sein, melde dich bitte beim Portal-Support der Zahn\u00e4rztekammer Nordrhein unter der Telefonnummer 02131 \/ 53119 221.<\/p>\n<\/div><\/div><\/div><\/section>\n<section class='av_toggle_section av-lwqwyxep-9-3e69acd9f970b13f4c3c0ac94115a17e'  itemscope=\"itemscope\" itemprop=\"mainEntity\" itemtype=\"https:\/\/schema.org\/Question\" ><div role=\"tablist\" class=\"single_toggle\" data-tags=\"{Alle} \"  ><p id='toggle-toggle-id-2' data-fake-id='#toggle-id-2' class='toggler  av-title-above '  itemprop=\"name\"  role='tab' tabindex='0' aria-controls='toggle-id-2' data-slide-speed=\"200\" data-title=\"Ist eine Ratenzahlung m\u00f6glich?\" data-title-open=\"\" data-aria_collapsed=\"Click to expand: Ist eine Ratenzahlung m\u00f6glich?\" data-aria_expanded=\"Click to collapse: Ist eine Ratenzahlung m\u00f6glich?\">Ist eine Ratenzahlung m\u00f6glich?<span class=\"toggle_icon\"><span class=\"vert_icon\"><\/span><span class=\"hor_icon\"><\/span><\/span><\/p><div id='toggle-id-2' aria-labelledby='toggle-toggle-id-2' role='region' class='toggle_wrap  av-title-above'   itemscope=\"itemscope\" itemprop=\"acceptedAnswer\" itemtype=\"https:\/\/schema.org\/Answer\" ><div class='toggle_content invers-color '  itemprop=\"text\" ><p>Eine Ratenzahlung ist auf Anfrage m\u00f6glich. Bitte melde dich diesbez\u00fcglich unter khi@zaek-nr.de.<\/p>\n<\/div><\/div><\/div><\/section>\n<section class='av_toggle_section av-lwqwyxep-8-be30d7749a3aa30d594092ad8bb49124'  itemscope=\"itemscope\" itemprop=\"mainEntity\" itemtype=\"https:\/\/schema.org\/Question\" ><div role=\"tablist\" class=\"single_toggle\" data-tags=\"{Alle} \"  ><p id='toggle-toggle-id-3' data-fake-id='#toggle-id-3' class='toggler  av-title-above '  itemprop=\"name\"  role='tab' tabindex='0' aria-controls='toggle-id-3' data-slide-speed=\"200\" data-title=\"Wie ist die Young Dental Academy aufgebaut?\" data-title-open=\"\" data-aria_collapsed=\"Click to expand: Wie ist die Young Dental Academy aufgebaut?\" data-aria_expanded=\"Click to collapse: Wie ist die Young Dental Academy aufgebaut?\">Wie ist die Young Dental Academy aufgebaut?<span class=\"toggle_icon\"><span class=\"vert_icon\"><\/span><span class=\"hor_icon\"><\/span><\/span><\/p><div id='toggle-id-3' aria-labelledby='toggle-toggle-id-3' role='region' class='toggle_wrap  av-title-above'   itemscope=\"itemscope\" itemprop=\"acceptedAnswer\" itemtype=\"https:\/\/schema.org\/Answer\" ><div class='toggle_content invers-color '  itemprop=\"text\" ><p>Die Young Dental Academy (YDA) ist ein zehnmonatiges, intensives Fortbildungsprogramm, das von Februar bis November geht. Die YDA besteht aus sieben Kursen. Diese teilen sich jeweils in einen virtuellen Videokurs (Online-Schulungsvideos) sowie einen vor Ort stattfindenden praktischen Teil auf. Die Online-Schulungsvideos dienen als Vorbereitung f\u00fcr den praktischen Teil und behandeln die theoretischen Grundlagen des Kurses. Im praktischen Teil (Hands-on-Training), der als Pr\u00e4senzkurs in Neuss stattfindet, wird das theoretisch Erlernte in praktischen \u00dcbungen erweitert und vertieft. F\u00fcr die Pr\u00e4senzkurse stehen mehrere Termine zur Auswahl. <strong>Bitte melde dich nur f\u00fcr jeweils einen Termin an. Die Anmeldung erfolgt \u00fcber das Portal der Zahn\u00e4rztekammer Nordrhein.<\/strong><\/p>\n<p>Zus\u00e4tzlich stehen Mentoren als Sparringspartner unterst\u00fctzend zur Seite, die ihre Erfahrungen teilen und Orientierung f\u00fcr den Praxisalltag geben.<\/p>\n<\/div><\/div><\/div><\/section>\n<section class='av_toggle_section av-m02t2q5l-2-b48630e93f31099113c2d63f0936cfc8'  itemscope=\"itemscope\" itemprop=\"mainEntity\" itemtype=\"https:\/\/schema.org\/Question\" ><div role=\"tablist\" class=\"single_toggle\" data-tags=\"{Alle} \"  ><p id='toggle-toggle-id-4' data-fake-id='#toggle-id-4' class='toggler  av-title-above '  itemprop=\"name\"  role='tab' tabindex='0' aria-controls='toggle-id-4' data-slide-speed=\"200\" data-title=\"Gibt es eine Termin\u00fcbersicht?\" data-title-open=\"\" data-aria_collapsed=\"Click to expand: Gibt es eine Termin\u00fcbersicht?\" data-aria_expanded=\"Click to collapse: Gibt es eine Termin\u00fcbersicht?\">Gibt es eine Termin\u00fcbersicht?<span class=\"toggle_icon\"><span class=\"vert_icon\"><\/span><span class=\"hor_icon\"><\/span><\/span><\/p><div id='toggle-id-4' aria-labelledby='toggle-toggle-id-4' role='region' class='toggle_wrap  av-title-above'   itemscope=\"itemscope\" itemprop=\"acceptedAnswer\" itemtype=\"https:\/\/schema.org\/Answer\" ><div class='toggle_content invers-color '  itemprop=\"text\" ><p>Ja, diese kannst du hier als PDF Datei herunterladen:<\/p>\n<div  class='avia-button-wrap av-sjuj-2b7b1a1e7ce6e43e0c556f36138f48c8-wrap avia-button-left  avia-builder-el-4  avia-builder-el-no-sibling '><a href='https:\/\/www.zahnaerztekammernordrhein.de\/yda\/wp-content\/uploads\/2026\/01\/YDA_Terminuebersicht_2026_Stand_01-2026.pdf'  class='avia-button av-sjuj-2b7b1a1e7ce6e43e0c556f36138f48c8 av-link-btn avia-icon_select-yes-left-icon avia-size-large avia-position-left av-icon-on-hover avia-color-theme-color'  target=\"_blank\"  rel=\"noopener noreferrer\"  aria-label=\"Termin\u00fcbersicht herunterladen\"><span class='avia_button_icon avia_button_icon_left avia-iconfont avia-font-entypo-fontello' data-av_icon='\ue82d' data-av_iconfont='entypo-fontello' ><\/span><span class='avia_iconbox_title' >Termin\u00fcbersicht herunterladen<\/span><\/a><\/div>\n<\/div><\/div><\/div><\/section>\n<section class='av_toggle_section av-lwqwyxep-7-807525f9224346a6fc3924350f40281e'  itemscope=\"itemscope\" itemprop=\"mainEntity\" itemtype=\"https:\/\/schema.org\/Question\" ><div role=\"tablist\" class=\"single_toggle\" data-tags=\"{Alle} \"  ><p id='toggle-toggle-id-5' data-fake-id='#toggle-id-5' class='toggler  av-title-above '  itemprop=\"name\"  role='tab' tabindex='0' aria-controls='toggle-id-5' data-slide-speed=\"200\" data-title=\"Wo sind die Online-Schulungsvideos zu finden?\" data-title-open=\"\" data-aria_collapsed=\"Click to expand: Wo sind die Online-Schulungsvideos zu finden?\" data-aria_expanded=\"Click to collapse: Wo sind die Online-Schulungsvideos zu finden?\">Wo sind die Online-Schulungsvideos zu finden?<span class=\"toggle_icon\"><span class=\"vert_icon\"><\/span><span class=\"hor_icon\"><\/span><\/span><\/p><div id='toggle-id-5' aria-labelledby='toggle-toggle-id-5' role='region' class='toggle_wrap  av-title-above'   itemscope=\"itemscope\" itemprop=\"acceptedAnswer\" itemtype=\"https:\/\/schema.org\/Answer\" ><div class='toggle_content invers-color '  itemprop=\"text\" ><p>Die Online-Schulungsvideos werden \u00fcber die Lernplattform Ilias zur Verf\u00fcgung gestellt. Die Lernplattform Ilias ist \u00fcber das Portal der Zahn\u00e4rztekammer Nordrhein erreichbar.<\/p>\n<p>Solltest du noch keinen Zugang zum Portal haben, melde dich bitte beim Portal-Support der Zahn\u00e4rztekammer Nordrhein unter der Telefonnummer 02131 \/ 53119 221.<\/p>\n<\/div><\/div><\/div><\/section>\n<section class='av_toggle_section av-lwqwyxep-6-5e99538f942b08080a91b89670b9186b'  itemscope=\"itemscope\" itemprop=\"mainEntity\" itemtype=\"https:\/\/schema.org\/Question\" ><div role=\"tablist\" class=\"single_toggle\" data-tags=\"{Alle} \"  ><p id='toggle-toggle-id-6' data-fake-id='#toggle-id-6' class='toggler  av-title-above '  itemprop=\"name\"  role='tab' tabindex='0' aria-controls='toggle-id-6' data-slide-speed=\"200\" data-title=\"Wie viele Fortbildungspunkte gibt es f\u00fcr die Young Dental Academy?\" data-title-open=\"\" data-aria_collapsed=\"Click to expand: Wie viele Fortbildungspunkte gibt es f\u00fcr die Young Dental Academy?\" data-aria_expanded=\"Click to collapse: Wie viele Fortbildungspunkte gibt es f\u00fcr die Young Dental Academy?\">Wie viele Fortbildungspunkte gibt es f\u00fcr die Young Dental Academy?<span class=\"toggle_icon\"><span class=\"vert_icon\"><\/span><span class=\"hor_icon\"><\/span><\/span><\/p><div id='toggle-id-6' aria-labelledby='toggle-toggle-id-6' role='region' class='toggle_wrap  av-title-above'   itemscope=\"itemscope\" itemprop=\"acceptedAnswer\" itemtype=\"https:\/\/schema.org\/Answer\" ><div class='toggle_content invers-color '  itemprop=\"text\" ><p>F\u00fcr die Young Dental Academy gibt es insgesamt 59 Fortbildungspunkte, wenn alle Kurse inklusive Kickoff- und Abschlussveranstaltung besucht wurden.<\/p>\n<\/div><\/div><\/div><\/section>\n<section class='av_toggle_section av-m06joygr-ab767a33a1940c3dd11f781ab64e2ecc'  itemscope=\"itemscope\" itemprop=\"mainEntity\" itemtype=\"https:\/\/schema.org\/Question\" ><div role=\"tablist\" class=\"single_toggle\" data-tags=\"{Alle} \"  ><p id='toggle-toggle-id-7' data-fake-id='#toggle-id-7' class='toggler  av-title-above '  itemprop=\"name\"  role='tab' tabindex='0' aria-controls='toggle-id-7' data-slide-speed=\"200\" data-title=\"Werden die Fortbildungspunkte nach der Assistenzzeit angerechnet?\" data-title-open=\"\" data-aria_collapsed=\"Click to expand: Werden die Fortbildungspunkte nach der Assistenzzeit angerechnet?\" data-aria_expanded=\"Click to collapse: Werden die Fortbildungspunkte nach der Assistenzzeit angerechnet?\">Werden die Fortbildungspunkte nach der Assistenzzeit angerechnet?<span class=\"toggle_icon\"><span class=\"vert_icon\"><\/span><span class=\"hor_icon\"><\/span><\/span><\/p><div id='toggle-id-7' aria-labelledby='toggle-toggle-id-7' role='region' class='toggle_wrap  av-title-above'   itemscope=\"itemscope\" itemprop=\"acceptedAnswer\" itemtype=\"https:\/\/schema.org\/Answer\" ><div class='toggle_content invers-color '  itemprop=\"text\" ><p>Fortbildungen, die in Zeitr\u00e4umen der ausschlie\u00dflichen Vertretert\u00e4tigkeit oder der Assistenzt\u00e4tigkeit absolviert worden sind, k\u00f6nnen nicht angerechnet werden. Bei Fragen wende dich hierzu bitte an die Kassenzahn\u00e4rztliche Vereinigung.<\/p>\n<\/div><\/div><\/div><\/section>\n<section class='av_toggle_section av-lwqwyxep-5-7bb43565c15b85a85e48a0fc9e336eee'  itemscope=\"itemscope\" itemprop=\"mainEntity\" itemtype=\"https:\/\/schema.org\/Question\" ><div role=\"tablist\" class=\"single_toggle\" data-tags=\"{Alle} \"  ><p id='toggle-toggle-id-8' data-fake-id='#toggle-id-8' class='toggler  av-title-above '  itemprop=\"name\"  role='tab' tabindex='0' aria-controls='toggle-id-8' data-slide-speed=\"200\" data-title=\"Was muss ich tun, wenn ich an den Pr\u00e4senzterminen keine Zeit habe oder krank werde?\" data-title-open=\"\" data-aria_collapsed=\"Click to expand: Was muss ich tun, wenn ich an den Pr\u00e4senzterminen keine Zeit habe oder krank werde?\" data-aria_expanded=\"Click to collapse: Was muss ich tun, wenn ich an den Pr\u00e4senzterminen keine Zeit habe oder krank werde?\">Was muss ich tun, wenn ich an den Pr\u00e4senzterminen keine Zeit habe oder krank werde?<span class=\"toggle_icon\"><span class=\"vert_icon\"><\/span><span class=\"hor_icon\"><\/span><\/span><\/p><div id='toggle-id-8' aria-labelledby='toggle-toggle-id-8' role='region' class='toggle_wrap  av-title-above'   itemscope=\"itemscope\" itemprop=\"acceptedAnswer\" itemtype=\"https:\/\/schema.org\/Answer\" ><div class='toggle_content invers-color '  itemprop=\"text\" ><p>Bitte melden Sie sich rechtzeitig vor dem Pr\u00e4senztermin per E-Mail an <a href=\"mailto:yda@zaek-nr.de\">yda@zaek-nr.de<\/a>, wenn Sie den gebuchten Termin nicht wahrnehmen k\u00f6nnen. Alternative Pr\u00e4senztermine stehen in Ilias zur Auswahl. Sollten Sie keinen der angebotenen Termine wahrnehmen k\u00f6nnen, ist ein Nachholen der Kursinhalte leider nicht m\u00f6glich. Eine Gutschrift oder R\u00fcckerstattung der gezahlten Teilnahmegeb\u00fchr an der Young Dental Academy ist ausgeschlossen. Es gelten die <a href=\"https:\/\/kfi-direkt.de\/agb\/\" target=\"_blank\" rel=\"noopener\">AGB des Kantorowicz Fortbildungsinstituts<\/a>.<\/p>\n<\/div><\/div><\/div><\/section>\n<section class='av_toggle_section av-lwqwyxep-4-849b6b742b7e26c229d4b6a8541952e7'  itemscope=\"itemscope\" itemprop=\"mainEntity\" itemtype=\"https:\/\/schema.org\/Question\" ><div role=\"tablist\" class=\"single_toggle\" data-tags=\"{Alle} \"  ><p id='toggle-toggle-id-9' data-fake-id='#toggle-id-9' class='toggler  av-title-above '  itemprop=\"name\"  role='tab' tabindex='0' aria-controls='toggle-id-9' data-slide-speed=\"200\" data-title=\"Ist eine Fortf\u00fchrung der Young Dental Academy im darauffolgenden Jahr m\u00f6glich, wenn ich nicht alle Kurse absolvieren konnte?\" data-title-open=\"\" data-aria_collapsed=\"Click to expand: Ist eine Fortf\u00fchrung der Young Dental Academy im darauffolgenden Jahr m\u00f6glich, wenn ich nicht alle Kurse absolvieren konnte?\" data-aria_expanded=\"Click to collapse: Ist eine Fortf\u00fchrung der Young Dental Academy im darauffolgenden Jahr m\u00f6glich, wenn ich nicht alle Kurse absolvieren konnte?\">Ist eine Fortf\u00fchrung der Young Dental Academy im darauffolgenden Jahr m\u00f6glich, wenn ich nicht alle Kurse absolvieren konnte?<span class=\"toggle_icon\"><span class=\"vert_icon\"><\/span><span class=\"hor_icon\"><\/span><\/span><\/p><div id='toggle-id-9' aria-labelledby='toggle-toggle-id-9' role='region' class='toggle_wrap  av-title-above'   itemscope=\"itemscope\" itemprop=\"acceptedAnswer\" itemtype=\"https:\/\/schema.org\/Answer\" ><div class='toggle_content invers-color '  itemprop=\"text\" ><p>Eine Fortf\u00fchrung oder ein Nachholen verpasster Kurse im darauffolgenden Jahr ist leider nicht m\u00f6glich.<\/p>\n<\/div><\/div><\/div><\/section>\n<section class='av_toggle_section av-lwqwyxep-3-0fdbbd6c9660015508ff845f5ce8335a'  itemscope=\"itemscope\" itemprop=\"mainEntity\" itemtype=\"https:\/\/schema.org\/Question\" ><div role=\"tablist\" class=\"single_toggle\" data-tags=\"{Alle} \"  ><p id='toggle-toggle-id-10' data-fake-id='#toggle-id-10' class='toggler  av-title-above '  itemprop=\"name\"  role='tab' tabindex='0' aria-controls='toggle-id-10' data-slide-speed=\"200\" data-title=\"Muss ich am Ende eine Pr\u00fcfung ablegen?\" data-title-open=\"\" data-aria_collapsed=\"Click to expand: Muss ich am Ende eine Pr\u00fcfung ablegen?\" data-aria_expanded=\"Click to collapse: Muss ich am Ende eine Pr\u00fcfung ablegen?\">Muss ich am Ende eine Pr\u00fcfung ablegen?<span class=\"toggle_icon\"><span class=\"vert_icon\"><\/span><span class=\"hor_icon\"><\/span><\/span><\/p><div id='toggle-id-10' aria-labelledby='toggle-toggle-id-10' role='region' class='toggle_wrap  av-title-above'   itemscope=\"itemscope\" itemprop=\"acceptedAnswer\" itemtype=\"https:\/\/schema.org\/Answer\" ><div class='toggle_content invers-color '  itemprop=\"text\" ><p>Eine Abschlusspr\u00fcfung findet nicht statt. Die Online-Schulungsvideos beinhalten Reflektionsfragen zur Selbstkontrolle, die du beantworten k\u00f6nnen solltest.<\/p>\n<\/div><\/div><\/div><\/section>\n<section class='av_toggle_section av-m02t2q5l-7590d8c6af5350e3c0abd1d1927956a2'  itemscope=\"itemscope\" itemprop=\"mainEntity\" itemtype=\"https:\/\/schema.org\/Question\" ><div role=\"tablist\" class=\"single_toggle\" data-tags=\"{Alle} \"  ><p id='toggle-toggle-id-11' data-fake-id='#toggle-id-11' class='toggler  av-title-above '  itemprop=\"name\"  role='tab' tabindex='0' aria-controls='toggle-id-11' data-slide-speed=\"200\" data-title=\"Erhalte ich eine Teilnahmebescheinigung?\" data-title-open=\"\" data-aria_collapsed=\"Click to expand: Erhalte ich eine Teilnahmebescheinigung?\" data-aria_expanded=\"Click to collapse: Erhalte ich eine Teilnahmebescheinigung?\">Erhalte ich eine Teilnahmebescheinigung?<span class=\"toggle_icon\"><span class=\"vert_icon\"><\/span><span class=\"hor_icon\"><\/span><\/span><\/p><div id='toggle-id-11' aria-labelledby='toggle-toggle-id-11' role='region' class='toggle_wrap  av-title-above'   itemscope=\"itemscope\" itemprop=\"acceptedAnswer\" itemtype=\"https:\/\/schema.org\/Answer\" ><div class='toggle_content invers-color '  itemprop=\"text\" ><p>Nach jedem abgeschlossenen Kurs (online und Pr\u00e4senz) erh\u00e4ltst du eine Teilnahmebescheinigung mit den entsprechenden Fortbildungspunkten f\u00fcr diesen Kurs.<\/p>\n<\/div><\/div><\/div><\/section>\n<\/div><\/div>\n","protected":false},"excerpt":{"rendered":"","protected":false},"author":1,"featured_media":0,"parent":0,"menu_order":4,"comment_status":"closed","ping_status":"closed","template":"","meta":{"footnotes":""},"class_list":["post-91","page","type-page","status-publish","hentry"],"_links":{"self":[{"href":"https:\/\/www.zahnaerztekammernordrhein.de\/yda\/wp-json\/wp\/v2\/pages\/91","targetHints":{"allow":["GET"]}}],"collection":[{"href":"https:\/\/www.zahnaerztekammernordrhein.de\/yda\/wp-json\/wp\/v2\/pages"}],"about":[{"href":"https:\/\/www.zahnaerztekammernordrhein.de\/yda\/wp-json\/wp\/v2\/types\/page"}],"author":[{"embeddable":true,"href":"https:\/\/www.zahnaerztekammernordrhein.de\/yda\/wp-json\/wp\/v2\/users\/1"}],"replies":[{"embeddable":true,"href":"https:\/\/www.zahnaerztekammernordrhein.de\/yda\/wp-json\/wp\/v2\/comments?post=91"}],"version-history":[{"count":5,"href":"https:\/\/www.zahnaerztekammernordrhein.de\/yda\/wp-json\/wp\/v2\/pages\/91\/revisions"}],"predecessor-version":[{"id":1819,"href":"https:\/\/www.zahnaerztekammernordrhein.de\/yda\/wp-json\/wp\/v2\/pages\/91\/revisions\/1819"}],"wp:attachment":[{"href":"https:\/\/www.zahnaerztekammernordrhein.de\/yda\/wp-json\/wp\/v2\/media?parent=91"}],"curies":[{"name":"wp","href":"https:\/\/api.w.org\/{rel}","templated":true}]}}