{"id":316,"date":"2024-06-05T18:58:40","date_gmt":"2024-06-05T18:58:40","guid":{"rendered":"https:\/\/www.zahnaerztekammernordrhein.de\/yda\/?page_id=316"},"modified":"2025-09-12T09:11:10","modified_gmt":"2025-09-12T09:11:10","slug":"patientenaufklaerung-dokumentation-qualitaetsmanagement-hygiene-als-selbstvorsorge","status":"publish","type":"page","link":"https:\/\/www.zahnaerztekammernordrhein.de\/yda\/inhalte-module\/patientenaufklaerung-dokumentation-qualitaetsmanagement-hygiene-als-selbstvorsorge\/","title":{"rendered":"Patientenaufkl\u00e4rung &#038; Dokumentation"},"content":{"rendered":"\n<style type=\"text\/css\" data-created_by=\"avia_inline_auto\" id=\"style-css-av-ea0vg-effe235ebdeb47063f58d06fbdcaefce\">\n.avia-section.av-ea0vg-effe235ebdeb47063f58d06fbdcaefce{\nbackground-color:#30424c;\nbackground-image:unset;\n}\n<\/style>\n<div id='av_section_1'  class='avia-section av-ea0vg-effe235ebdeb47063f58d06fbdcaefce main_color avia-section-default avia-no-border-styling  avia-builder-el-0  el_before_av_section  avia-builder-el-first  avia-bg-style-scroll av-minimum-height av-minimum-height-custom av-height-custom  container_wrap fullsize'   data-av_minimum_height_px='150'><div class='container av-section-cont-open' style='height:150px'><main  role=\"main\" itemprop=\"mainContentOfPage\"  class='template-page content  av-content-full alpha units'><div class='post-entry post-entry-type-page post-entry-316'><div class='entry-content-wrapper clearfix'>\n\n<style type=\"text\/css\" data-created_by=\"avia_inline_auto\" id=\"style-css-av-lx26ykts-6b49c54d46b8a852cdc4f364b1437d63\">\n#top .av-special-heading.av-lx26ykts-6b49c54d46b8a852cdc4f364b1437d63{\npadding-bottom:10px;\ncolor:#ffffff;\n}\nbody .av-special-heading.av-lx26ykts-6b49c54d46b8a852cdc4f364b1437d63 .av-special-heading-tag .heading-char{\nfont-size:25px;\n}\n.av-special-heading.av-lx26ykts-6b49c54d46b8a852cdc4f364b1437d63 .special-heading-inner-border{\nborder-color:#ffffff;\n}\n.av-special-heading.av-lx26ykts-6b49c54d46b8a852cdc4f364b1437d63 .av-subheading{\nfont-size:15px;\n}\nbody .av-special-heading.av-lx26ykts-6b49c54d46b8a852cdc4f364b1437d63 .av-special-heading-tag .heading-wrap:before{\nborder-color:#ffffff;\n}\nbody .av-special-heading.av-lx26ykts-6b49c54d46b8a852cdc4f364b1437d63 .av-special-heading-tag .heading-wrap:after{\nborder-color:#ffffff;\n}\n<\/style>\n<div  class='av-special-heading av-lx26ykts-6b49c54d46b8a852cdc4f364b1437d63 av-special-heading-h1 custom-color-heading blockquote modern-quote modern-centered  avia-builder-el-1  avia-builder-el-no-sibling  spaced'><h1 class='av-special-heading-tag '  itemprop=\"headline\"  >Patientenaufkl\u00e4rung <span class='special_amp'>&amp;<\/span> Dokumentation<\/h1><div class=\"special-heading-border\"><div class=\"special-heading-inner-border\"><\/div><\/div><\/div>\n\n<\/div><\/div><\/main><!-- close content main element --><\/div><\/div>\n<style type=\"text\/css\" data-created_by=\"avia_inline_auto\" id=\"style-css-av-1fq5a4-b2d17bccf1249cf9d97c4d1556328d19\">\n.avia-section.av-1fq5a4-b2d17bccf1249cf9d97c4d1556328d19{\nbackground-repeat:no-repeat;\nbackground-image:url(https:\/\/www.zahnaerztekammernordrhein.de\/yda\/wp-content\/uploads\/2024\/05\/sonne_halb.png);\nbackground-position:50% 100%;\nbackground-attachment:scroll;\n}\n<\/style>\n<div id='av_section_2'  class='avia-section av-1fq5a4-b2d17bccf1249cf9d97c4d1556328d19 main_color avia-section-default avia-no-border-styling  avia-builder-el-2  el_after_av_section  el_before_av_hr  bg-sun-landscape avia-bg-style-scroll container_wrap fullsize'  data-section-bg-repeat='no-repeat'><div class='container av-section-cont-open' ><div class='template-page content  av-content-full alpha units'><div class='post-entry post-entry-type-page post-entry-316'><div class='entry-content-wrapper clearfix'>\n<div class='flex_column_table av-1ap3j8-bd4ee265b3a461f39083c2919367f803 sc-av_three_fifth av-equal-height-column-flextable'><div  class='flex_column av-1ap3j8-bd4ee265b3a461f39083c2919367f803 av_three_fifth  avia-builder-el-3  el_before_av_two_fifth  avia-builder-el-first  first flex_column_table_cell av-equal-height-column av-align-top  '     ><p>\n<style type=\"text\/css\" data-created_by=\"avia_inline_auto\" id=\"style-css-av-lx66jy6f-7a25ffe6f496a7594d7666f06da6c57b\">\n#top .av-special-heading.av-lx66jy6f-7a25ffe6f496a7594d7666f06da6c57b{\npadding-bottom:10px;\n}\nbody .av-special-heading.av-lx66jy6f-7a25ffe6f496a7594d7666f06da6c57b .av-special-heading-tag .heading-char{\nfont-size:25px;\n}\n.av-special-heading.av-lx66jy6f-7a25ffe6f496a7594d7666f06da6c57b .av-subheading{\nfont-size:15px;\n}\n<\/style>\n<div  class='av-special-heading av-lx66jy6f-7a25ffe6f496a7594d7666f06da6c57b av-special-heading-h3 blockquote modern-quote  avia-builder-el-4  el_before_av_textblock  avia-builder-el-first '><h3 class='av-special-heading-tag '  itemprop=\"headline\"  >Praxisgerechter Umgang mit gesetzlichen Pflichten<\/h3><div class=\"special-heading-border\"><div class=\"special-heading-inner-border\"><\/div><\/div><\/div><br \/>\n<section  class='av_textblock_section av-lx66k43u-62a96723ae5c88c59b10159c567a6b08 '   itemscope=\"itemscope\" itemtype=\"https:\/\/schema.org\/CreativeWork\" ><div class='avia_textblock'  itemprop=\"text\" ><p><strong>Erlerne einen gesetzlich korrekten, aber praktikablen und m\u00f6glichst b\u00fcrokratiearmen Umgang mit Aufkl\u00e4rungs- und Dokumentationspflichten<\/strong><\/p>\n<p>Die Aus\u00fcbung der zahnmedizinischen T\u00e4tigkeit ist weit mehr als nur Diagnose und Therapie. Eine korrekte Patientenaufkl\u00e4rung und sorgf\u00e4ltige Behandlungsdokumentation sind entscheidend, um rechtliche Konsequenzen zu vermeiden und den Honoraranspruch zu sichern. Die Praxis zeigt jedoch, dass der Umgang mit diesen Pflichten oft von einem falschen Verst\u00e4ndnis gepr\u00e4gt ist. Die Annahme \u00fcbersteigerter Anforderungen f\u00fchrt teils zu Aufkl\u00e4rungsb\u00fcrokratismus, teils zu einer entmutigten Vernachl\u00e4ssigung. Beides l\u00e4sst sich im Sinne einer praxisgerechten Umsetzung korrigieren. Dieser Kurs zielt darauf ab, ein klares Verst\u00e4ndnis f\u00fcr die essenziellen Pflichten zu schaffen und Ihnen praxisgerechte L\u00f6sungen aufzuzeigen.<\/p>\n<\/div><\/section><br \/>\n<section  class='av_textblock_section av-12d80c-02a2cf093183ffd397720c2eb53c88b2 '   itemscope=\"itemscope\" itemtype=\"https:\/\/schema.org\/CreativeWork\" ><div class='avia_textblock'  itemprop=\"text\" ><p><b>Was dich erwartet:<\/b><\/p>\n<\/div><\/section><br \/>\n\n<style type=\"text\/css\" data-created_by=\"avia_inline_auto\" id=\"style-css-av-lx66l26p-da6e201ddeee80f4472e09c234298df2\">\n#top #wrap_all .avia-icon-list-container.av-lx66l26p-da6e201ddeee80f4472e09c234298df2 .av_iconlist_title{\ncolor:#30424c;\n}\n.avia-icon-list-container.av-lx66l26p-da6e201ddeee80f4472e09c234298df2 .iconlist_content{\ncolor:#30424c;\n}\n<\/style>\n<div  class='avia-icon-list-container av-lx66l26p-da6e201ddeee80f4472e09c234298df2  avia-builder-el-7  el_after_av_textblock  avia-builder-el-last '><ul class='avia-icon-list avia_animate_when_almost_visible avia-icon-list-left av-iconlist-small av-lx66l26p-da6e201ddeee80f4472e09c234298df2 avia-iconlist-animate'>\n<li><div class='iconlist_icon av-lx66kfy6-e7d82b2a8d8e370a37317069c77e7c4b avia-font-entypo-fontello avia-iconfont avia-font-entypo-fontello'><span class='av-icon-char' data-av_icon='\ue812' data-av_iconfont='entypo-fontello' aria-hidden=\"true\"><\/span><\/div><article class=\"article-icon-entry \"  itemscope=\"itemscope\" itemtype=\"https:\/\/schema.org\/CreativeWork\" ><div class=\"iconlist_content_wrap\"><header class=\"entry-content-header\" aria-label=\"Icon: Korrekte Patientenaufkl\u00e4rung:\"><div class='av_iconlist_title iconlist_title_small  av_inherit_color'  itemprop=\"headline\" >Korrekte Patientenaufkl\u00e4rung:<\/div><\/header><div class='iconlist_content av_inherit_color'  itemprop=\"text\" ><p>Lerne die rechtlichen Grundlagen der Patientenaufkl\u00e4rung kennen, einschlie\u00dflich Form, Inhalt und Zeitpunkt.<\/p>\n<\/div><\/div><footer class=\"entry-footer\"><\/footer><\/article><div class=\"iconlist-timeline\"><\/div><\/li>\n<li><div class='iconlist_icon av-lx66kpbq-34dede3bb1f3fcd818c90538a530a1b3 avia-font-entypo-fontello avia-iconfont avia-font-entypo-fontello'><span class='av-icon-char' data-av_icon='\ue812' data-av_iconfont='entypo-fontello' aria-hidden=\"true\"><\/span><\/div><article class=\"article-icon-entry \"  itemscope=\"itemscope\" itemtype=\"https:\/\/schema.org\/CreativeWork\" ><div class=\"iconlist_content_wrap\"><header class=\"entry-content-header\" aria-label=\"Icon: Effiziente Dokumentation:\"><div class='av_iconlist_title iconlist_title_small  av_inherit_color'  itemprop=\"headline\" >Effiziente Dokumentation:<\/div><\/header><div class='iconlist_content av_inherit_color'  itemprop=\"text\" ><p>Verstehe, was aus vertragszahn\u00e4rztlicher, berufsrechtlicher und zivilrechtlicher Sicht in deine Dokumentation geh\u00f6rt.<\/p>\n<\/div><\/div><footer class=\"entry-footer\"><\/footer><\/article><div class=\"iconlist-timeline\"><\/div><\/li>\n<li><div class='iconlist_icon av-lx66kyps-097201aac200c73e6d10d0c9142f808c avia-font-entypo-fontello avia-iconfont avia-font-entypo-fontello'><span class='av-icon-char' data-av_icon='\ue812' data-av_iconfont='entypo-fontello' aria-hidden=\"true\"><\/span><\/div><article class=\"article-icon-entry \"  itemscope=\"itemscope\" itemtype=\"https:\/\/schema.org\/CreativeWork\" ><div class=\"iconlist_content_wrap\"><header class=\"entry-content-header\" aria-label=\"Icon: Praxisgerechte Umsetzung:\"><div class='av_iconlist_title iconlist_title_small  av_inherit_color'  itemprop=\"headline\" >Praxisgerechte Umsetzung:<\/div><\/header><div class='iconlist_content av_inherit_color'  itemprop=\"text\" ><p>Erfahre, wie du die gesetzlichen Anforderungen in deinen Praxisalltag integrieren kannst, ohne dass deine t\u00e4gliche Arbeit durch \u00fcberm\u00e4\u00dfige B\u00fcrokratie belastet wird und die Qualit\u00e4t der Patientenversorgung darunter leidet.<\/p>\n<\/div><\/div><footer class=\"entry-footer\"><\/footer><\/article><div class=\"iconlist-timeline\"><\/div><\/li>\n<\/ul><\/div><\/p><\/div><div class='av-flex-placeholder'><\/div><div  class='flex_column av-vnr3w-6ec4c68c04d5258508bc6e61b14f9ae1 av_two_fifth  avia-builder-el-8  el_after_av_three_fifth  avia-builder-el-last  flex_column_table_cell av-equal-height-column av-align-top  '     ><section  class='av_textblock_section av-qfv7w-0296959c7f753fdd1c5f4c88d199f824 '   itemscope=\"itemscope\" itemtype=\"https:\/\/schema.org\/CreativeWork\" ><div class='avia_textblock yda-program-box-headline'  itemprop=\"text\" ><h3>TERMIN\u00dcBERSICHT<\/h3>\n<\/div><\/section><br \/>\n<section  class='av_textblock_section av-lx66lacd-2e390f792fe66c8eb6d7d3798ee7b5eb '   itemscope=\"itemscope\" itemtype=\"https:\/\/schema.org\/CreativeWork\" ><div class='avia_textblock yda-program-box'  itemprop=\"text\" ><ul>\n<li>Sa, 20.02.2026 | 13:00 &#8211; 15:15 Uhr<\/li>\n<\/ul>\n<\/div><\/section><\/p><\/div><\/div><!--close column table wrapper. Autoclose: 1 --><\/div><\/div><\/div><!-- close content main div --><\/div><\/div><div id='after_section_2'  class='main_color av_default_container_wrap container_wrap fullsize'  ><div class='container av-section-cont-open' ><div class='template-page content  av-content-full alpha units'><div class='post-entry post-entry-type-page post-entry-316'><div class='entry-content-wrapper clearfix'><div  class='hr av-1fnx18-39542f5283d750e1df96afa66274d446 hr-default  avia-builder-el-11  el_after_av_section  el_before_av_section  avia-builder-el-no-sibling '><span class='hr-inner '><span class=\"hr-inner-style\"><\/span><\/span><\/div><\/p>\n<\/div><\/div><\/div><!-- close content main div --><\/div><\/div><div id='av_section_3'  class='avia-section av-197jak-b5770675edd6690d88d60bf9808781d2 main_color avia-section-default avia-no-border-styling  avia-builder-el-12  el_after_av_hr  avia-builder-el-last  avia-bg-style-scroll container_wrap fullsize'  ><div class='container av-section-cont-open' ><div class='template-page content  av-content-full alpha units'><div class='post-entry post-entry-type-page post-entry-316'><div class='entry-content-wrapper clearfix'>\n<div  class='flex_column av-3uhl0-04d7e201dd92e81f6dd806e8d1f3c0a9 av_one_full  avia-builder-el-13  el_before_av_one_fourth  avia-builder-el-first  first flex_column_div  '     ><style type=\"text\/css\" data-created_by=\"avia_inline_auto\" id=\"style-css-av-x4h98-14484c212e42a3a6640f9173216aab54\">\n#top .av-special-heading.av-x4h98-14484c212e42a3a6640f9173216aab54{\npadding-bottom:10px;\n}\nbody .av-special-heading.av-x4h98-14484c212e42a3a6640f9173216aab54 .av-special-heading-tag .heading-char{\nfont-size:25px;\n}\n.av-special-heading.av-x4h98-14484c212e42a3a6640f9173216aab54 .av-subheading{\nfont-size:15px;\n}\n<\/style>\n<div  class='av-special-heading av-x4h98-14484c212e42a3a6640f9173216aab54 av-special-heading-h2 blockquote modern-quote modern-centered  avia-builder-el-14  avia-builder-el-no-sibling '><h2 class='av-special-heading-tag '  itemprop=\"headline\"  >Referenten<\/h2><div class=\"special-heading-border\"><div class=\"special-heading-inner-border\"><\/div><\/div><\/div><\/div><div  class='flex_column av-takr0-1b41a4bc2d523e1d541b6e7f90439bb1 av_one_fourth  avia-builder-el-15  el_after_av_one_full  el_before_av_one_fourth  first flex_column_div  column-top-margin'     ><\/div><div  class='flex_column av-n9azo-849f6b463e694fc691cdd780f9e21cda av_one_fourth  avia-builder-el-16  el_after_av_one_fourth  el_before_av_one_fourth  flex_column_div  column-top-margin'     ><section  class='avia-team-member av-f859o-a93179ff20da91240118b89bd061ca8d  avia-builder-el-17  avia-builder-el-no-sibling '  itemscope=\"itemscope\" itemtype=\"https:\/\/schema.org\/Person\" ><div class=\"team-img-container\"><img decoding=\"async\" fetchpriority=\"high\" class='wp-image-349 avia-img-lazy-loading-not-349 avia_image avia_image_team' src=\"https:\/\/www.zahnaerztekammernordrhein.de\/yda\/wp-content\/uploads\/2024\/06\/Hausweiler.jpg\" alt='Dr. med. dent. Ralf Hausweiler'  itemprop=\"image\"   height=\"512\" width=\"512\" srcset=\"https:\/\/www.zahnaerztekammernordrhein.de\/yda\/wp-content\/uploads\/2024\/06\/Hausweiler.jpg 512w, https:\/\/www.zahnaerztekammernordrhein.de\/yda\/wp-content\/uploads\/2024\/06\/Hausweiler-300x300.jpg 300w, https:\/\/www.zahnaerztekammernordrhein.de\/yda\/wp-content\/uploads\/2024\/06\/Hausweiler-80x80.jpg 80w, https:\/\/www.zahnaerztekammernordrhein.de\/yda\/wp-content\/uploads\/2024\/06\/Hausweiler-36x36.jpg 36w, https:\/\/www.zahnaerztekammernordrhein.de\/yda\/wp-content\/uploads\/2024\/06\/Hausweiler-180x180.jpg 180w\" sizes=\"(max-width: 512px) 100vw, 512px\" \/><\/div><h3 class='team-member-name '  itemprop=\"name\" >Dr. med. dent. Ralf Hausweiler<\/h3><div class='team-member-job-title '  itemprop=\"jobTitle\" >Pr\u00e4sident der Zahn\u00e4rztekammer Nordrhein<\/div><span class='hidden team-member-affiliation'  itemprop=\"affiliation\" >YDA<\/span><\/section><\/div><div  class='flex_column av-epmlo-847a4db3ae18f80da7b07dfaecc8e74b av_one_fourth  avia-builder-el-18  el_after_av_one_fourth  el_before_av_one_fourth  flex_column_div  column-top-margin'     ><section  class='avia-team-member av-lx2z2wzs-2b25970d9aeb8c80c3f29f15e498e4b3  avia-builder-el-19  avia-builder-el-no-sibling '  itemscope=\"itemscope\" itemtype=\"https:\/\/schema.org\/Person\" ><div class=\"team-img-container\"><img decoding=\"async\" fetchpriority=\"high\" class='wp-image-353 avia-img-lazy-loading-not-353 avia_image avia_image_team' src=\"https:\/\/www.zahnaerztekammernordrhein.de\/yda\/wp-content\/uploads\/2024\/06\/Mann_Joachim.jpg\" alt='Joachim Mann'  itemprop=\"image\"   height=\"512\" width=\"512\" srcset=\"https:\/\/www.zahnaerztekammernordrhein.de\/yda\/wp-content\/uploads\/2024\/06\/Mann_Joachim.jpg 512w, https:\/\/www.zahnaerztekammernordrhein.de\/yda\/wp-content\/uploads\/2024\/06\/Mann_Joachim-300x300.jpg 300w, https:\/\/www.zahnaerztekammernordrhein.de\/yda\/wp-content\/uploads\/2024\/06\/Mann_Joachim-80x80.jpg 80w, https:\/\/www.zahnaerztekammernordrhein.de\/yda\/wp-content\/uploads\/2024\/06\/Mann_Joachim-36x36.jpg 36w, https:\/\/www.zahnaerztekammernordrhein.de\/yda\/wp-content\/uploads\/2024\/06\/Mann_Joachim-180x180.jpg 180w\" sizes=\"(max-width: 512px) 100vw, 512px\" \/><\/div><h3 class='team-member-name '  itemprop=\"name\" >Joachim Mann<\/h3><div class='team-member-job-title '  itemprop=\"jobTitle\" >Rechtsanwalt und Fachanwalt f\u00fcr Medizinrecht<\/div><span class='hidden team-member-affiliation'  itemprop=\"affiliation\" >YDA<\/span><\/section><\/div><div  class='flex_column av-9nbbw-676ceab67ed3bb8974a49158efe32abf av_one_fourth  avia-builder-el-20  el_after_av_one_fourth  avia-builder-el-last  flex_column_div  column-top-margin'     ><\/div>\n\n","protected":false},"excerpt":{"rendered":"","protected":false},"author":1,"featured_media":0,"parent":108,"menu_order":0,"comment_status":"closed","ping_status":"closed","template":"","meta":{"footnotes":""},"class_list":["post-316","page","type-page","status-publish","hentry"],"_links":{"self":[{"href":"https:\/\/www.zahnaerztekammernordrhein.de\/yda\/wp-json\/wp\/v2\/pages\/316","targetHints":{"allow":["GET"]}}],"collection":[{"href":"https:\/\/www.zahnaerztekammernordrhein.de\/yda\/wp-json\/wp\/v2\/pages"}],"about":[{"href":"https:\/\/www.zahnaerztekammernordrhein.de\/yda\/wp-json\/wp\/v2\/types\/page"}],"author":[{"embeddable":true,"href":"https:\/\/www.zahnaerztekammernordrhein.de\/yda\/wp-json\/wp\/v2\/users\/1"}],"replies":[{"embeddable":true,"href":"https:\/\/www.zahnaerztekammernordrhein.de\/yda\/wp-json\/wp\/v2\/comments?post=316"}],"version-history":[{"count":4,"href":"https:\/\/www.zahnaerztekammernordrhein.de\/yda\/wp-json\/wp\/v2\/pages\/316\/revisions"}],"predecessor-version":[{"id":1494,"href":"https:\/\/www.zahnaerztekammernordrhein.de\/yda\/wp-json\/wp\/v2\/pages\/316\/revisions\/1494"}],"up":[{"embeddable":true,"href":"https:\/\/www.zahnaerztekammernordrhein.de\/yda\/wp-json\/wp\/v2\/pages\/108"}],"wp:attachment":[{"href":"https:\/\/www.zahnaerztekammernordrhein.de\/yda\/wp-json\/wp\/v2\/media?parent=316"}],"curies":[{"name":"wp","href":"https:\/\/api.w.org\/{rel}","templated":true}]}}